{"id":3423,"date":"2019-01-13T18:44:24","date_gmt":"2019-01-13T17:44:24","guid":{"rendered":"https:\/\/www.websupport.sk\/podpora\/?post_type=ht_kb&#038;p=3423"},"modified":"2025-11-05T16:01:29","modified_gmt":"2025-11-05T15:01:29","slug":"pri-zdielani-na-facebook-sa-v-nahlade-nezobrazuje-aktualny-obsah","status":"publish","type":"ht_kb","link":"https:\/\/www.websupport.sk\/podpora\/kb\/pri-zdielani-na-facebook-sa-v-nahlade-nezobrazuje-aktualny-obsah\/","title":{"rendered":"Pri zdie\u013ean\u00ed na Facebook sa v &#8222;n\u00e1h\u013eade&#8220; nezobrazuje aktu\u00e1lny obsah"},"content":{"rendered":"\n<p style=\"font-size:18px\">Zdie\u013eate svoju nov\u00fa str\u00e1nku na Facebook-u a\u00a0v n\u00e1h\u013eade sa V\u00e1m<strong>\u00a0nezobrazuje aktu\u00e1lny obsah<\/strong>?\u00a0 Rie\u0161enie je jednoduch\u00e9, sta\u010d\u00ed<strong> &#8222;po\u017eiada\u0165&#8220; Facebook<\/strong>, aby si vo vyrovn\u00e1vacej pam\u00e4ti aktualizoval obsah Va\u0161ej str\u00e1nky.\u00a0<\/p>\n\n\n\n<hr class=\"wp-block-separator\" \/>\n\n\n\n<p>1.&nbsp;V prehliada\u010di si otvorte adresu&nbsp;<em><a href=\"https:\/\/developers.facebook.com\/tools\/debug\/\">https:\/\/developers.facebook.com\/tools\/debug\/<\/a>.<\/em><br>2.&nbsp;Vlo\u017ete URL adresu Va\u0161ej str\u00e1nky (v na\u0161om pr\u00edpade otestujsi.eu) a pokra\u010dujte kliknut\u00edm na&nbsp;Debug.<br>3.&nbsp;Hotovo! Pri \u010fal\u0161om zdielan\u00ed sa u\u017e bude zobrazova\u0165 aktu\u00e1lny obsah.<\/p>\n\n\n\n<figure class=\"wp-block-image\"><img loading=\"lazy\" decoding=\"async\" width=\"783\" height=\"340\" src=\"https:\/\/www.websupport.sk\/podpora\/app\/uploads\/sites\/2\/2019\/01\/facebook-783x340.jpg\" alt=\"\" class=\"wp-image-3426\" srcset=\"https:\/\/www.websupport.sk\/podpora\/app\/uploads\/sites\/2\/2019\/01\/facebook-783x340.jpg 783w, https:\/\/www.websupport.sk\/podpora\/app\/uploads\/sites\/2\/2019\/01\/facebook-50x22.jpg 50w, https:\/\/www.websupport.sk\/podpora\/app\/uploads\/sites\/2\/2019\/01\/facebook-60x26.jpg 60w, https:\/\/www.websupport.sk\/podpora\/app\/uploads\/sites\/2\/2019\/01\/facebook-100x43.jpg 100w, https:\/\/www.websupport.sk\/podpora\/app\/uploads\/sites\/2\/2019\/01\/facebook.jpg 1333w\" sizes=\"auto, (max-width: 783px) 100vw, 783px\" \/><\/figure>\n","protected":false},"excerpt":{"rendered":"<p>Zdie\u013eate svoju nov\u00fa str\u00e1nku na Facebook-u a\u00a0v n\u00e1h\u013eade sa V\u00e1m\u00a0nezobrazuje aktu\u00e1lny obsah?\u00a0 Rie\u0161enie je jednoduch\u00e9, sta\u010d\u00ed &#8222;po\u017eiada\u0165&#8220; Facebook, aby si vo vyrovn\u00e1vacej pam\u00e4ti aktualizoval obsah Va\u0161ej str\u00e1nky.\u00a0 1.&nbsp;V prehliada\u010di si otvorte adresu&nbsp;https:\/\/developers.facebook.com\/tools\/debug\/.2.&nbsp;Vlo\u017ete URL adresu Va\u0161ej str\u00e1nky (v na\u0161om pr\u00edpade otestujsi.eu) a pokra\u010dujte kliknut\u00edm na&nbsp;Debug.3.&nbsp;Hotovo! Pri \u010fal\u0161om zdielan\u00ed sa u\u017e bude&#8230;<\/p>\n","protected":false},"author":30,"template":"","format":"standard","meta":{"footnotes":""},"ht-kb-category":[31],"ht-kb-tag":[],"class_list":["post-3423","ht_kb","type-ht_kb","status-publish","format-standard","hentry","ht_kb_category-hosting"],"yoast_head":"<!-- This site is optimized with the Yoast SEO plugin v27.4 - https:\/\/yoast.com\/product\/yoast-seo-wordpress\/ -->\n<title>Pri zdie\u013ean\u00ed na Facebook sa v &quot;n\u00e1h\u013eade&quot; nezobrazuje aktu\u00e1lny obsah - Websupport centrum podpory<\/title>\n<meta name=\"description\" content=\"Zdie\u013eate web na Facebook-u a nezobrazuje sa aktu\u00e1lny obsah? Sta\u010d\u00ed &quot;po\u017eiada\u0165&quot; Facebook, aby si vo vyrovn\u00e1vacej pam\u00e4ti aktualizoval obsah Va\u0161ej str\u00e1nky.\" \/>\n<meta name=\"robots\" content=\"index, follow, max-snippet:-1, max-image-preview:large, max-video-preview:-1\" \/>\n<link rel=\"canonical\" href=\"https:\/\/www.websupport.sk\/podpora\/kb\/pri-zdielani-na-facebook-sa-v-nahlade-nezobrazuje-aktualny-obsah\/\" \/>\n<meta property=\"og:locale\" content=\"sk_SK\" \/>\n<meta property=\"og:type\" content=\"article\" \/>\n<meta property=\"og:title\" content=\"Pri zdie\u013ean\u00ed na Facebook sa v &quot;n\u00e1h\u013eade&quot; nezobrazuje aktu\u00e1lny obsah - Websupport centrum podpory\" \/>\n<meta property=\"og:description\" content=\"Zdie\u013eate web na Facebook-u a nezobrazuje sa aktu\u00e1lny obsah? Sta\u010d\u00ed &quot;po\u017eiada\u0165&quot; Facebook, aby si vo vyrovn\u00e1vacej pam\u00e4ti aktualizoval obsah Va\u0161ej str\u00e1nky.\" \/>\n<meta property=\"og:url\" content=\"https:\/\/www.websupport.sk\/podpora\/kb\/pri-zdielani-na-facebook-sa-v-nahlade-nezobrazuje-aktualny-obsah\/\" \/>\n<meta property=\"og:site_name\" content=\"Websupport centrum podpory\" \/>\n<meta property=\"article:modified_time\" content=\"2025-11-05T15:01:29+00:00\" \/>\n<meta property=\"og:image\" content=\"https:\/\/www.websupport.sk\/podpora\/app\/uploads\/sites\/2\/2019\/01\/facebook.jpg\" \/>\n\t<meta property=\"og:image:width\" content=\"1333\" \/>\n\t<meta property=\"og:image:height\" content=\"578\" \/>\n\t<meta property=\"og:image:type\" content=\"image\/jpeg\" \/>\n<meta name=\"twitter:card\" content=\"summary_large_image\" \/>\n<script type=\"application\/ld+json\" class=\"yoast-schema-graph\">{\"@context\":\"https:\\\/\\\/schema.org\",\"@graph\":[{\"@type\":\"WebPage\",\"@id\":\"https:\\\/\\\/www.websupport.sk\\\/podpora\\\/kb\\\/pri-zdielani-na-facebook-sa-v-nahlade-nezobrazuje-aktualny-obsah\\\/\",\"url\":\"https:\\\/\\\/www.websupport.sk\\\/podpora\\\/kb\\\/pri-zdielani-na-facebook-sa-v-nahlade-nezobrazuje-aktualny-obsah\\\/\",\"name\":\"Pri zdie\u013ean\u00ed na Facebook sa v \\\"n\u00e1h\u013eade\\\" nezobrazuje aktu\u00e1lny obsah - Websupport centrum podpory\",\"isPartOf\":{\"@id\":\"https:\\\/\\\/www.websupport.sk\\\/podpora\\\/#website\"},\"primaryImageOfPage\":{\"@id\":\"https:\\\/\\\/www.websupport.sk\\\/podpora\\\/kb\\\/pri-zdielani-na-facebook-sa-v-nahlade-nezobrazuje-aktualny-obsah\\\/#primaryimage\"},\"image\":{\"@id\":\"https:\\\/\\\/www.websupport.sk\\\/podpora\\\/kb\\\/pri-zdielani-na-facebook-sa-v-nahlade-nezobrazuje-aktualny-obsah\\\/#primaryimage\"},\"thumbnailUrl\":\"https:\\\/\\\/www.websupport.sk\\\/podpora\\\/app\\\/uploads\\\/sites\\\/2\\\/2019\\\/01\\\/facebook-783x340.jpg\",\"datePublished\":\"2019-01-13T17:44:24+00:00\",\"dateModified\":\"2025-11-05T15:01:29+00:00\",\"description\":\"Zdie\u013eate web na Facebook-u a nezobrazuje sa aktu\u00e1lny obsah? Sta\u010d\u00ed \\\"po\u017eiada\u0165\\\" Facebook, aby si vo vyrovn\u00e1vacej pam\u00e4ti aktualizoval obsah Va\u0161ej str\u00e1nky.\",\"breadcrumb\":{\"@id\":\"https:\\\/\\\/www.websupport.sk\\\/podpora\\\/kb\\\/pri-zdielani-na-facebook-sa-v-nahlade-nezobrazuje-aktualny-obsah\\\/#breadcrumb\"},\"inLanguage\":\"sk-SK\",\"potentialAction\":[{\"@type\":\"ReadAction\",\"target\":[\"https:\\\/\\\/www.websupport.sk\\\/podpora\\\/kb\\\/pri-zdielani-na-facebook-sa-v-nahlade-nezobrazuje-aktualny-obsah\\\/\"]}]},{\"@type\":\"ImageObject\",\"inLanguage\":\"sk-SK\",\"@id\":\"https:\\\/\\\/www.websupport.sk\\\/podpora\\\/kb\\\/pri-zdielani-na-facebook-sa-v-nahlade-nezobrazuje-aktualny-obsah\\\/#primaryimage\",\"url\":\"https:\\\/\\\/www.websupport.sk\\\/podpora\\\/app\\\/uploads\\\/sites\\\/2\\\/2019\\\/01\\\/facebook.jpg\",\"contentUrl\":\"https:\\\/\\\/www.websupport.sk\\\/podpora\\\/app\\\/uploads\\\/sites\\\/2\\\/2019\\\/01\\\/facebook.jpg\",\"width\":1333,\"height\":578},{\"@type\":\"BreadcrumbList\",\"@id\":\"https:\\\/\\\/www.websupport.sk\\\/podpora\\\/kb\\\/pri-zdielani-na-facebook-sa-v-nahlade-nezobrazuje-aktualny-obsah\\\/#breadcrumb\",\"itemListElement\":[{\"@type\":\"ListItem\",\"position\":1,\"name\":\"Home\",\"item\":\"https:\\\/\\\/www.websupport.sk\\\/podpora\\\/\"},{\"@type\":\"ListItem\",\"position\":2,\"name\":\"Pri zdie\u013ean\u00ed na Facebook sa v &#8222;n\u00e1h\u013eade&#8220; nezobrazuje aktu\u00e1lny obsah\"}]},{\"@type\":\"WebSite\",\"@id\":\"https:\\\/\\\/www.websupport.sk\\\/podpora\\\/#website\",\"url\":\"https:\\\/\\\/www.websupport.sk\\\/podpora\\\/\",\"name\":\"Websupport centrum podpory\",\"description\":\"Radi v\u00e1m pom\u00f4\u017eeme s va\u0161im probl\u00e9mom\",\"potentialAction\":[{\"@type\":\"SearchAction\",\"target\":{\"@type\":\"EntryPoint\",\"urlTemplate\":\"https:\\\/\\\/www.websupport.sk\\\/podpora\\\/?s={search_term_string}\"},\"query-input\":{\"@type\":\"PropertyValueSpecification\",\"valueRequired\":true,\"valueName\":\"search_term_string\"}}],\"inLanguage\":\"sk-SK\"}]}<\/script>\n<!-- \/ Yoast SEO plugin. -->","yoast_head_json":{"title":"Pri zdie\u013ean\u00ed na Facebook sa v \"n\u00e1h\u013eade\" nezobrazuje aktu\u00e1lny obsah - Websupport centrum podpory","description":"Zdie\u013eate web na Facebook-u a nezobrazuje sa aktu\u00e1lny obsah? Sta\u010d\u00ed \"po\u017eiada\u0165\" Facebook, aby si vo vyrovn\u00e1vacej pam\u00e4ti aktualizoval obsah Va\u0161ej str\u00e1nky.","robots":{"index":"index","follow":"follow","max-snippet":"max-snippet:-1","max-image-preview":"max-image-preview:large","max-video-preview":"max-video-preview:-1"},"canonical":"https:\/\/www.websupport.sk\/podpora\/kb\/pri-zdielani-na-facebook-sa-v-nahlade-nezobrazuje-aktualny-obsah\/","og_locale":"sk_SK","og_type":"article","og_title":"Pri zdie\u013ean\u00ed na Facebook sa v \"n\u00e1h\u013eade\" nezobrazuje aktu\u00e1lny obsah - Websupport centrum podpory","og_description":"Zdie\u013eate web na Facebook-u a nezobrazuje sa aktu\u00e1lny obsah? Sta\u010d\u00ed \"po\u017eiada\u0165\" Facebook, aby si vo vyrovn\u00e1vacej pam\u00e4ti aktualizoval obsah Va\u0161ej str\u00e1nky.","og_url":"https:\/\/www.websupport.sk\/podpora\/kb\/pri-zdielani-na-facebook-sa-v-nahlade-nezobrazuje-aktualny-obsah\/","og_site_name":"Websupport centrum podpory","article_modified_time":"2025-11-05T15:01:29+00:00","og_image":[{"width":1333,"height":578,"url":"https:\/\/www.websupport.sk\/podpora\/app\/uploads\/sites\/2\/2019\/01\/facebook.jpg","type":"image\/jpeg"}],"twitter_card":"summary_large_image","schema":{"@context":"https:\/\/schema.org","@graph":[{"@type":"WebPage","@id":"https:\/\/www.websupport.sk\/podpora\/kb\/pri-zdielani-na-facebook-sa-v-nahlade-nezobrazuje-aktualny-obsah\/","url":"https:\/\/www.websupport.sk\/podpora\/kb\/pri-zdielani-na-facebook-sa-v-nahlade-nezobrazuje-aktualny-obsah\/","name":"Pri zdie\u013ean\u00ed na Facebook sa v \"n\u00e1h\u013eade\" nezobrazuje aktu\u00e1lny obsah - Websupport centrum podpory","isPartOf":{"@id":"https:\/\/www.websupport.sk\/podpora\/#website"},"primaryImageOfPage":{"@id":"https:\/\/www.websupport.sk\/podpora\/kb\/pri-zdielani-na-facebook-sa-v-nahlade-nezobrazuje-aktualny-obsah\/#primaryimage"},"image":{"@id":"https:\/\/www.websupport.sk\/podpora\/kb\/pri-zdielani-na-facebook-sa-v-nahlade-nezobrazuje-aktualny-obsah\/#primaryimage"},"thumbnailUrl":"https:\/\/www.websupport.sk\/podpora\/app\/uploads\/sites\/2\/2019\/01\/facebook-783x340.jpg","datePublished":"2019-01-13T17:44:24+00:00","dateModified":"2025-11-05T15:01:29+00:00","description":"Zdie\u013eate web na Facebook-u a nezobrazuje sa aktu\u00e1lny obsah? Sta\u010d\u00ed \"po\u017eiada\u0165\" Facebook, aby si vo vyrovn\u00e1vacej pam\u00e4ti aktualizoval obsah Va\u0161ej str\u00e1nky.","breadcrumb":{"@id":"https:\/\/www.websupport.sk\/podpora\/kb\/pri-zdielani-na-facebook-sa-v-nahlade-nezobrazuje-aktualny-obsah\/#breadcrumb"},"inLanguage":"sk-SK","potentialAction":[{"@type":"ReadAction","target":["https:\/\/www.websupport.sk\/podpora\/kb\/pri-zdielani-na-facebook-sa-v-nahlade-nezobrazuje-aktualny-obsah\/"]}]},{"@type":"ImageObject","inLanguage":"sk-SK","@id":"https:\/\/www.websupport.sk\/podpora\/kb\/pri-zdielani-na-facebook-sa-v-nahlade-nezobrazuje-aktualny-obsah\/#primaryimage","url":"https:\/\/www.websupport.sk\/podpora\/app\/uploads\/sites\/2\/2019\/01\/facebook.jpg","contentUrl":"https:\/\/www.websupport.sk\/podpora\/app\/uploads\/sites\/2\/2019\/01\/facebook.jpg","width":1333,"height":578},{"@type":"BreadcrumbList","@id":"https:\/\/www.websupport.sk\/podpora\/kb\/pri-zdielani-na-facebook-sa-v-nahlade-nezobrazuje-aktualny-obsah\/#breadcrumb","itemListElement":[{"@type":"ListItem","position":1,"name":"Home","item":"https:\/\/www.websupport.sk\/podpora\/"},{"@type":"ListItem","position":2,"name":"Pri zdie\u013ean\u00ed na Facebook sa v &#8222;n\u00e1h\u013eade&#8220; nezobrazuje aktu\u00e1lny obsah"}]},{"@type":"WebSite","@id":"https:\/\/www.websupport.sk\/podpora\/#website","url":"https:\/\/www.websupport.sk\/podpora\/","name":"Websupport centrum podpory","description":"Radi v\u00e1m pom\u00f4\u017eeme s va\u0161im probl\u00e9mom","potentialAction":[{"@type":"SearchAction","target":{"@type":"EntryPoint","urlTemplate":"https:\/\/www.websupport.sk\/podpora\/?s={search_term_string}"},"query-input":{"@type":"PropertyValueSpecification","valueRequired":true,"valueName":"search_term_string"}}],"inLanguage":"sk-SK"}]}},"_links":{"self":[{"href":"https:\/\/www.websupport.sk\/podpora\/wp-json\/wp\/v2\/ht-kb\/3423","targetHints":{"allow":["GET"]}}],"collection":[{"href":"https:\/\/www.websupport.sk\/podpora\/wp-json\/wp\/v2\/ht-kb"}],"about":[{"href":"https:\/\/www.websupport.sk\/podpora\/wp-json\/wp\/v2\/types\/ht_kb"}],"author":[{"embeddable":true,"href":"https:\/\/www.websupport.sk\/podpora\/wp-json\/wp\/v2\/users\/30"}],"version-history":[{"count":3,"href":"https:\/\/www.websupport.sk\/podpora\/wp-json\/wp\/v2\/ht-kb\/3423\/revisions"}],"predecessor-version":[{"id":34241,"href":"https:\/\/www.websupport.sk\/podpora\/wp-json\/wp\/v2\/ht-kb\/3423\/revisions\/34241"}],"wp:attachment":[{"href":"https:\/\/www.websupport.sk\/podpora\/wp-json\/wp\/v2\/media?parent=3423"}],"wp:term":[{"taxonomy":"ht_kb_category","embeddable":true,"href":"https:\/\/www.websupport.sk\/podpora\/wp-json\/wp\/v2\/ht-kb-category?post=3423"},{"taxonomy":"ht_kb_tag","embeddable":true,"href":"https:\/\/www.websupport.sk\/podpora\/wp-json\/wp\/v2\/ht-kb-tag?post=3423"}],"curies":[{"name":"wp","href":"https:\/\/api.w.org\/{rel}","templated":true}]}}